{"id":56,"date":"2017-06-28T20:00:47","date_gmt":"2017-06-28T18:00:47","guid":{"rendered":"http:\/\/www.huishurenardeche.nl\/?page_id=56"},"modified":"2018-05-22T20:28:04","modified_gmt":"2018-05-22T18:28:04","slug":"indeling","status":"publish","type":"page","link":"https:\/\/www.huishurenardeche.nl\/fr\/indeling\/","title":{"rendered":"Le Villa"},"content":{"rendered":"<p><\/p>\n<ul>\n<li><strong>Rez-de-Chauss\u00e9e<\/strong><\/li>\n<\/ul>\n<p>Au rez-de-chauss\u00e9e il y a un s\u00e9jour spacieux avec coin repas. La t\u00e9l\u00e9 (55\u2019 Smart t\u00e9l\u00e9) vous avez acc\u00e8s a beaucoup de cha\u00eenes ainsi qu\u2019\u00e0 Netflix. La cuisine luxueuse est muni d\u2019appareils Siemens (2 grands frigos avec partie cong\u00e9lateur, une plaque c\u00e9ramique, une combinaison micro-ondes\/four et une lave-vaiselle). Il y a une toilette et une partie couchage avec 2 larges chambres et une salle de bain avec baignoire et une deuxi\u00e8me toilette.<br \/>\nDans l\u2019armoire en-dessous de l\u2019escalier, il se trouve une lave-linge Bosch, une planche \u00e0 repasser et un fer \u00e0 repasser. Toutes le fen\u00eatres sont munis de stores Proven\u00e7ales en bois, devant les baies vitr\u00e9es il y a des stores automatiques.<\/p>\n<p>&nbsp;<\/p>\n<ul>\n<li><strong>Premi\u00e8re \u00e9tage<\/strong><\/li>\n<\/ul>\n<p>Au premi\u00e8re \u00e9tage, il y a 3 larges chambres, une deuxi\u00e8me salle de bain avec douche, 3\u00e8me toilette et il y a un loggia.<\/p>\n<ul>\n<li><strong>Jardin<\/strong><\/li>\n<\/ul>\n<p>Au jardin vous trouverez une piscine priv\u00e9e avec une grande terrasse. Il y a assez de transats. Au fond du jardin il y a une terrasse avec des meubles de jardin (table et chaises). En dessous de la terrasse couvertes (atteignant \u00e0 la maison) il y a \u00e9galement une table \u00e0 manger avec 10 chaises. La villa est pourvue d\u2019internet\/Wifi rapide. La connexion est tr\u00e8s bonne jusqu\u2019au fond du jardin. Pour nos locataires, il n\u2019y a pas de frais suppl\u00e9mentaire pour le Wifi.<\/p>\n<ul>\n<li><strong>Equipements<\/strong><\/li>\n<\/ul>\n<p>Le domaine dispose de divers \u00e9quipements. En dehors du fait que la villa poss\u00e8de d\u2019une piscine priv\u00e9e, vous pourriez \u00e9galement profiter de la piscine collective du domaine. Cette piscine est de 300 m\u00b2 et il y a un pataugeoire s\u00e9par\u00e9 (50 m\u00b2), il s\u2019y trouvent \u00e9galement des transats et des parasols. La piscine est ouverte de mai jusqu\u2019au septembre. Le domaine offre \u00e9galement deux courts de tennis, un terrain de foot\/basket, une table de ping-pong et quelques stations de jeux pour enfants. Vous pouvez donc profiter, non seulement de la nature, mais \u00e9galement des \u00e9quipements du domaine m\u00eame. Il y a un couple de g\u00e9rant sur place. Pour un petit-d\u00e9jeuner avec du pain frais, vous pouvez vous adresser \u00e0 l\u2019accueil. Pour les petits courses, vous pourriez vous rendre \u00e0 la boulangerie et le supermarch\u00e9 local qui sont \u00e0 proximit\u00e9.<\/p>\n<ul>\n<li><strong>Environs<\/strong><\/li>\n<\/ul>\n<p>Le parc de vacances Domaine Les Rives de l\u2019Ard\u00e8che est situ\u00e9 le long de la rivi\u00e8re l\u2019Ard\u00e8che. Le domaine est situ\u00e9 \u00e0 proximit\u00e9 du village de Vallon-Pont-d\u2019Arc, seulement \u00e0 3 minutes de route. Quand vous fl\u00e2nez dans les rues authentiques et vous vous installez sur une des nombreuses terrasses, vous vous trouvez au milieu de la culture fran\u00e7aise. Pour les amoureux de la nature, Domaine Les Rives de l\u2019Ard\u00e8che est un bon endroit. La grande diversit\u00e9 de fleurs, plantes et animaux fait en sorte que c\u2019est l\u2019endroit id\u00e9al pour des vacances en pleine nature. N\u2019oubliez surtout pas de visiter les impressionnantes Gorges de l\u2019Ard\u00e8che\u00a0! Aussi bien le Domaine ainsi que ses environs magnifiques feront de vos vacances un succ\u00e8s\u00a0!<\/p>","protected":false},"excerpt":{"rendered":"<p>Rez-de-Chauss\u00e9e Au rez-de-chauss\u00e9e il y a un s\u00e9jour spacieux avec coin repas. La t\u00e9l\u00e9 (55\u2019 Smart t\u00e9l\u00e9) vous avez acc\u00e8s a beaucoup de cha\u00eenes ainsi qu\u2019\u00e0 Netflix. La cuisine luxueuse est muni d\u2019appareils Siemens (2 grands frigos avec partie cong\u00e9lateur, une plaque c\u00e9ramique, une combinaison micro-ondes\/four et une lave-vaiselle). Il y a une toilette et [&hellip;]<\/p>\n","protected":false},"author":1,"featured_media":0,"parent":0,"menu_order":0,"comment_status":"closed","ping_status":"closed","template":"template-fullwidth.php","meta":{"jetpack_post_was_ever_published":false,"footnotes":""},"class_list":["post-56","page","type-page","status-publish","hentry","post-preview"],"yoast_head":"<!-- This site is optimized with the Yoast SEO plugin v26.9 - https:\/\/yoast.com\/product\/yoast-seo-wordpress\/ -->\n<title>Le Villa - villa huren in de Ard\u00e8che<\/title>\n<meta name=\"description\" content=\"[:nl]Vakantievilla in de Ardeche[:en]The villa[:fr]Le Villa[:] - Vakantievilla in de Ard\u00e8che Villa huren in de Ard\u00e8che \u00e9\u00e9n van de mooiste streken van Zuid-Frankrijk. Deze villa heeft op de beneden verdieping een gezellig ingerichte ruime woonkamer met een apart eetgedeelte.\" \/>\n<meta name=\"robots\" content=\"index, follow, max-snippet:-1, max-image-preview:large, max-video-preview:-1\" \/>\n<link rel=\"canonical\" href=\"https:\/\/www.huishurenardeche.nl\/indeling\/\" \/>\n<meta property=\"og:locale\" content=\"fr_FR\" \/>\n<meta property=\"og:type\" content=\"article\" \/>\n<meta property=\"og:title\" content=\"[:nl]Vakantievilla in de Ardeche[:en]The villa[:fr]Le Villa[:] - villa huren in de Ard\u00e8che\" \/>\n<meta property=\"og:description\" content=\"[:nl]Vakantievilla in de Ardeche[:en]The villa[:fr]Le Villa[:] - Vakantievilla in de Ard\u00e8che Villa huren in de Ard\u00e8che \u00e9\u00e9n van de mooiste streken van Zuid-Frankrijk. Deze villa heeft op de beneden verdieping een gezellig ingerichte ruime woonkamer met een apart eetgedeelte.\" \/>\n<meta property=\"og:url\" content=\"https:\/\/www.huishurenardeche.nl\/indeling\/\" \/>\n<meta property=\"og:site_name\" content=\"huishurenardeche.nl\" \/>\n<meta property=\"article:modified_time\" content=\"2018-05-22T18:28:04+00:00\" \/>\n<meta property=\"og:image\" content=\"https:\/\/www.huishurenardeche.nl\/wp-content\/uploads\/2017\/10\/villa-huren-Ardeche-500x333.jpg\" \/>\n<meta name=\"twitter:card\" content=\"summary_large_image\" \/>\n<meta name=\"twitter:label1\" content=\"Dur\u00e9e de lecture estim\u00e9e\" \/>\n\t<meta name=\"twitter:data1\" content=\"7 minutes\" \/>\n<script type=\"application\/ld+json\" class=\"yoast-schema-graph\">{\"@context\":\"https:\/\/schema.org\",\"@graph\":[{\"@type\":\"WebPage\",\"@id\":\"https:\/\/www.huishurenardeche.nl\/indeling\/\",\"url\":\"https:\/\/www.huishurenardeche.nl\/indeling\/\",\"name\":\"[:nl]Vakantievilla in de Ardeche[:en]The villa[:fr]Le Villa[:] - villa huren in de Ard\u00e8che\",\"isPartOf\":{\"@id\":\"https:\/\/www.huishurenardeche.nl\/#website\"},\"primaryImageOfPage\":{\"@id\":\"https:\/\/www.huishurenardeche.nl\/indeling\/#primaryimage\"},\"image\":{\"@id\":\"https:\/\/www.huishurenardeche.nl\/indeling\/#primaryimage\"},\"thumbnailUrl\":\"https:\/\/www.huishurenardeche.nl\/wp-content\/uploads\/2017\/10\/villa-huren-Ardeche-500x333.jpg\",\"datePublished\":\"2017-06-28T18:00:47+00:00\",\"dateModified\":\"2018-05-22T18:28:04+00:00\",\"description\":\"[:nl]Vakantievilla in de Ardeche[:en]The villa[:fr]Le Villa[:] - Vakantievilla in de Ard\u00e8che Villa huren in de Ard\u00e8che \u00e9\u00e9n van de mooiste streken van Zuid-Frankrijk. Deze villa heeft op de beneden verdieping een gezellig ingerichte ruime woonkamer met een apart eetgedeelte.\",\"breadcrumb\":{\"@id\":\"https:\/\/www.huishurenardeche.nl\/indeling\/#breadcrumb\"},\"inLanguage\":\"fr-FR\",\"potentialAction\":[{\"@type\":\"ReadAction\",\"target\":[\"https:\/\/www.huishurenardeche.nl\/indeling\/\"]}]},{\"@type\":\"ImageObject\",\"inLanguage\":\"fr-FR\",\"@id\":\"https:\/\/www.huishurenardeche.nl\/indeling\/#primaryimage\",\"url\":\"https:\/\/www.huishurenardeche.nl\/wp-content\/uploads\/2017\/10\/villa-huren-Ardeche-500x333.jpg\",\"contentUrl\":\"https:\/\/www.huishurenardeche.nl\/wp-content\/uploads\/2017\/10\/villa-huren-Ardeche-500x333.jpg\"},{\"@type\":\"BreadcrumbList\",\"@id\":\"https:\/\/www.huishurenardeche.nl\/indeling\/#breadcrumb\",\"itemListElement\":[{\"@type\":\"ListItem\",\"position\":1,\"name\":\"Home\",\"item\":\"https:\/\/www.huishurenardeche.nl\/en\/\"},{\"@type\":\"ListItem\",\"position\":2,\"name\":\"Vakantievilla in de Ardeche\"}]},{\"@type\":\"WebSite\",\"@id\":\"https:\/\/www.huishurenardeche.nl\/#website\",\"url\":\"https:\/\/www.huishurenardeche.nl\/\",\"name\":\"huishurenardeche.nl\",\"description\":\"In een van de mooiste streken in Zuid-Frankrijk\",\"potentialAction\":[{\"@type\":\"SearchAction\",\"target\":{\"@type\":\"EntryPoint\",\"urlTemplate\":\"https:\/\/www.huishurenardeche.nl\/?s={search_term_string}\"},\"query-input\":{\"@type\":\"PropertyValueSpecification\",\"valueRequired\":true,\"valueName\":\"search_term_string\"}}],\"inLanguage\":\"fr-FR\"}]}<\/script>\n<!-- \/ Yoast SEO plugin. -->","yoast_head_json":{"title":"[:nl]Vakantievilla in de Ardeche[:en]The villa[:fr]Le Villa[:] - villa huren in de Ard\u00e8che","description":"[:nl]Vakantievilla in de Ardeche[:en]The villa[:fr]Le Villa[:] - Vakantievilla in de Ard\u00e8che Villa huren in de Ard\u00e8che \u00e9\u00e9n van de mooiste streken van Zuid-Frankrijk. Deze villa heeft op de beneden verdieping een gezellig ingerichte ruime woonkamer met een apart eetgedeelte.","robots":{"index":"index","follow":"follow","max-snippet":"max-snippet:-1","max-image-preview":"max-image-preview:large","max-video-preview":"max-video-preview:-1"},"canonical":"https:\/\/www.huishurenardeche.nl\/indeling\/","og_locale":"fr_FR","og_type":"article","og_title":"[:nl]Vakantievilla in de Ardeche[:en]The villa[:fr]Le Villa[:] - villa huren in de Ard\u00e8che","og_description":"[:nl]Vakantievilla in de Ardeche[:en]The villa[:fr]Le Villa[:] - Vakantievilla in de Ard\u00e8che Villa huren in de Ard\u00e8che \u00e9\u00e9n van de mooiste streken van Zuid-Frankrijk. Deze villa heeft op de beneden verdieping een gezellig ingerichte ruime woonkamer met een apart eetgedeelte.","og_url":"https:\/\/www.huishurenardeche.nl\/indeling\/","og_site_name":"huishurenardeche.nl","article_modified_time":"2018-05-22T18:28:04+00:00","og_image":[{"url":"https:\/\/www.huishurenardeche.nl\/wp-content\/uploads\/2017\/10\/villa-huren-Ardeche-500x333.jpg","type":"","width":"","height":""}],"twitter_card":"summary_large_image","twitter_misc":{"Dur\u00e9e de lecture estim\u00e9e":"7 minutes"},"schema":{"@context":"https:\/\/schema.org","@graph":[{"@type":"WebPage","@id":"https:\/\/www.huishurenardeche.nl\/indeling\/","url":"https:\/\/www.huishurenardeche.nl\/indeling\/","name":"[:nl]Vakantievilla in de Ardeche[:en]The villa[:fr]Le Villa[:] - villa huren in de Ard\u00e8che","isPartOf":{"@id":"https:\/\/www.huishurenardeche.nl\/#website"},"primaryImageOfPage":{"@id":"https:\/\/www.huishurenardeche.nl\/indeling\/#primaryimage"},"image":{"@id":"https:\/\/www.huishurenardeche.nl\/indeling\/#primaryimage"},"thumbnailUrl":"https:\/\/www.huishurenardeche.nl\/wp-content\/uploads\/2017\/10\/villa-huren-Ardeche-500x333.jpg","datePublished":"2017-06-28T18:00:47+00:00","dateModified":"2018-05-22T18:28:04+00:00","description":"[:nl]Vakantievilla in de Ardeche[:en]The villa[:fr]Le Villa[:] - Vakantievilla in de Ard\u00e8che Villa huren in de Ard\u00e8che \u00e9\u00e9n van de mooiste streken van Zuid-Frankrijk. Deze villa heeft op de beneden verdieping een gezellig ingerichte ruime woonkamer met een apart eetgedeelte.","breadcrumb":{"@id":"https:\/\/www.huishurenardeche.nl\/indeling\/#breadcrumb"},"inLanguage":"fr-FR","potentialAction":[{"@type":"ReadAction","target":["https:\/\/www.huishurenardeche.nl\/indeling\/"]}]},{"@type":"ImageObject","inLanguage":"fr-FR","@id":"https:\/\/www.huishurenardeche.nl\/indeling\/#primaryimage","url":"https:\/\/www.huishurenardeche.nl\/wp-content\/uploads\/2017\/10\/villa-huren-Ardeche-500x333.jpg","contentUrl":"https:\/\/www.huishurenardeche.nl\/wp-content\/uploads\/2017\/10\/villa-huren-Ardeche-500x333.jpg"},{"@type":"BreadcrumbList","@id":"https:\/\/www.huishurenardeche.nl\/indeling\/#breadcrumb","itemListElement":[{"@type":"ListItem","position":1,"name":"Home","item":"https:\/\/www.huishurenardeche.nl\/en\/"},{"@type":"ListItem","position":2,"name":"Vakantievilla in de Ardeche"}]},{"@type":"WebSite","@id":"https:\/\/www.huishurenardeche.nl\/#website","url":"https:\/\/www.huishurenardeche.nl\/","name":"huishurenardeche.nl","description":"In een van de mooiste streken in Zuid-Frankrijk","potentialAction":[{"@type":"SearchAction","target":{"@type":"EntryPoint","urlTemplate":"https:\/\/www.huishurenardeche.nl\/?s={search_term_string}"},"query-input":{"@type":"PropertyValueSpecification","valueRequired":true,"valueName":"search_term_string"}}],"inLanguage":"fr-FR"}]}},"jetpack_sharing_enabled":true,"jetpack_shortlink":"https:\/\/wp.me\/P8SsqN-U","jetpack-related-posts":[],"_links":{"self":[{"href":"https:\/\/www.huishurenardeche.nl\/fr\/wp-json\/wp\/v2\/pages\/56","targetHints":{"allow":["GET"]}}],"collection":[{"href":"https:\/\/www.huishurenardeche.nl\/fr\/wp-json\/wp\/v2\/pages"}],"about":[{"href":"https:\/\/www.huishurenardeche.nl\/fr\/wp-json\/wp\/v2\/types\/page"}],"author":[{"embeddable":true,"href":"https:\/\/www.huishurenardeche.nl\/fr\/wp-json\/wp\/v2\/users\/1"}],"replies":[{"embeddable":true,"href":"https:\/\/www.huishurenardeche.nl\/fr\/wp-json\/wp\/v2\/comments?post=56"}],"version-history":[{"count":0,"href":"https:\/\/www.huishurenardeche.nl\/fr\/wp-json\/wp\/v2\/pages\/56\/revisions"}],"wp:attachment":[{"href":"https:\/\/www.huishurenardeche.nl\/fr\/wp-json\/wp\/v2\/media?parent=56"}],"curies":[{"name":"wp","href":"https:\/\/api.w.org\/{rel}","templated":true}]}}